{"id":9976,"date":"2024-06-16T18:01:33","date_gmt":"2024-06-16T16:01:33","guid":{"rendered":"https:\/\/toitsausoleil.org\/?page_id=9976"},"modified":"2024-08-28T18:31:37","modified_gmt":"2024-08-28T16:31:37","slug":"votre-projet-en-autoconsommation-avec-solarcoop","status":"publish","type":"page","link":"https:\/\/toitsausoleil.org\/index.php\/votre-projet-en-autoconsommation-avec-solarcoop\/","title":{"rendered":"Votre projet en autoconsommation avec Solarcoop"},"content":{"rendered":"\t\t<div data-elementor-type=\"wp-page\" data-elementor-id=\"9976\" class=\"elementor elementor-9976\">\n\t\t\t\t<div class=\"elementor-element elementor-element-ef73ef8 e-flex e-con-boxed e-con e-parent\" data-id=\"ef73ef8\" data-element_type=\"container\">\n\t\t\t\t\t<div class=\"e-con-inner\">\n\t\t\t\t<div class=\"elementor-element elementor-element-4ba7847 elementor-widget elementor-widget-image\" data-id=\"4ba7847\" data-element_type=\"widget\" data-widget_type=\"image.default\">\n\t\t\t\t<div class=\"elementor-widget-container\">\n\t\t\t\t\t\t\t\t\t\t\t\t\t\t\t<img fetchpriority=\"high\" decoding=\"async\" width=\"642\" height=\"403\" src=\"https:\/\/toitsausoleil.org\/wp-content\/uploads\/2024\/06\/panneaux-sol.png\" class=\"attachment-large size-large wp-image-9980\" alt=\"\" srcset=\"https:\/\/toitsausoleil.org\/wp-content\/uploads\/2024\/06\/panneaux-sol.png 642w, https:\/\/toitsausoleil.org\/wp-content\/uploads\/2024\/06\/panneaux-sol-300x188.png 300w\" sizes=\"(max-width: 642px) 100vw, 642px\" \/>\t\t\t\t\t\t\t\t\t\t\t\t\t\t\t<\/div>\n\t\t\t\t<\/div>\n\t\t\t\t\t<\/div>\n\t\t\t\t<\/div>\n\t\t<div class=\"elementor-element elementor-element-72cd34a e-flex e-con-boxed e-con e-parent\" data-id=\"72cd34a\" data-element_type=\"container\">\n\t\t\t\t\t<div class=\"e-con-inner\">\n\t\t\t\t<div class=\"elementor-element elementor-element-7d62a24 elementor-widget elementor-widget-heading\" data-id=\"7d62a24\" data-element_type=\"widget\" data-widget_type=\"heading.default\">\n\t\t\t\t<div class=\"elementor-widget-container\">\n\t\t\t\t\t<h2 class=\"elementor-heading-title elementor-size-default\">Peut-on produire et consommer sa propre \u00e9lectricit\u00e9 renouvelable afin de couvrir les besoins planchers?<\/h2>\t\t\t\t<\/div>\n\t\t\t\t<\/div>\n\t\t\t\t\t<\/div>\n\t\t\t\t<\/div>\n\t\t<div class=\"elementor-element elementor-element-92114f3 e-flex e-con-boxed e-con e-parent\" data-id=\"92114f3\" data-element_type=\"container\">\n\t\t\t\t\t<div class=\"e-con-inner\">\n\t\t\t\t<div class=\"elementor-element elementor-element-db76b3b elementor-widget elementor-widget-text-editor\" data-id=\"db76b3b\" data-element_type=\"widget\" data-widget_type=\"text-editor.default\">\n\t\t\t\t<div class=\"elementor-widget-container\">\n\t\t\t\t\t\t\t\t\t<p><strong><span style=\"text-align: var(--text-align); background-color: var(--ast-global-color-5);\">A<\/span><span style=\"color: #404040; font-family: 'Noto Sans', sans-serif; font-size: 13px; text-align: var(--text-align); background-color: var(--ast-global-color-5);\">utoconsommer une \u00e9lectricit\u00e9 produite localement chez soi, r\u00e9duire d\u2019autant sa facture d\u2019\u00e9nergie et par la m\u00eame occasion participer activement \u00e0 la transition \u00e9nerg\u00e9tique vers les \u00e9nergies renouvelables (EnR). C&#8217;est possible et tout simple!<\/span><\/strong><\/p>\t\t\t\t\t\t\t\t<\/div>\n\t\t\t\t<\/div>\n\t\t\t\t\t<\/div>\n\t\t\t\t<\/div>\n\t\t<div class=\"elementor-element elementor-element-522c3ba e-flex e-con-boxed e-con e-parent\" data-id=\"522c3ba\" data-element_type=\"container\">\n\t\t\t\t\t<div class=\"e-con-inner\">\n\t\t\t\t<div class=\"elementor-element elementor-element-8e6265d elementor-widget elementor-widget-heading\" data-id=\"8e6265d\" data-element_type=\"widget\" data-widget_type=\"heading.default\">\n\t\t\t\t<div class=\"elementor-widget-container\">\n\t\t\t\t\t<h2 class=\"elementor-heading-title elementor-size-default\">Avec le kit Solarcoop, tu poses, tu branches !<\/h2>\t\t\t\t<\/div>\n\t\t\t\t<\/div>\n\t\t\t\t\t<\/div>\n\t\t\t\t<\/div>\n\t\t<div class=\"elementor-element elementor-element-519a206 e-flex e-con-boxed e-con e-parent\" data-id=\"519a206\" data-element_type=\"container\">\n\t\t\t\t\t<div class=\"e-con-inner\">\n\t\t\t\t<div class=\"elementor-element elementor-element-e80e65f elementor-widget elementor-widget-text-editor\" data-id=\"e80e65f\" data-element_type=\"widget\" data-widget_type=\"text-editor.default\">\n\t\t\t\t<div class=\"elementor-widget-container\">\n\t\t\t\t\t\t\t\t\t<ul class=\"wp-block-list\" style=\"font-family: 'Noto Sans', sans-serif; font-size: 13px; font-style: normal; font-weight: 300; margin: 0px 0px 20px 3em; padding: 0px; color: #404040;\"><li style=\"font-family: inherit; font-size: 13px;\"><strong>Installation simplissime : branchement du kit sur une prise \u00e9lectrique de votre logement.<\/strong><\/li><li style=\"font-family: inherit; font-size: 13px;\"><strong>Investissement int\u00e9ressant : temps de retour sur investissement &lt; 10 ans.<\/strong><\/li><li style=\"font-family: inherit; font-size: 13px;\"><strong>Production avec 2 panneaux : de l\u2019ordre de 800 \u00e0 1100 kWh\/an en fonction de leur exposition.<\/strong><\/li><li style=\"font-family: inherit; font-size: 13px;\"><strong>Montage facile : \u00e0 r\u00e9aliser soi-m\u00eame, avec des d\u00e9marches administratives simplifi\u00e9es.<\/strong><\/li><\/ul><p style=\"font-family: 'Noto Sans', sans-serif; font-size: 13px; font-style: normal; font-weight: 300; margin-bottom: 1.5em; color: #404040;\"><strong>L\u2019acquisition d\u2019un kit de qualit\u00e9 aupr\u00e8s de Solarcoop peut s\u2019effectuer individuellement ou collectivement via un achat group\u00e9.<\/strong><\/p>\t\t\t\t\t\t\t\t<\/div>\n\t\t\t\t<\/div>\n\t\t\t\t\t<\/div>\n\t\t\t\t<\/div>\n\t\t<div class=\"elementor-element elementor-element-9e785c6 e-flex e-con-boxed e-con e-parent\" data-id=\"9e785c6\" data-element_type=\"container\">\n\t\t\t\t\t<div class=\"e-con-inner\">\n\t\t\t\t<div class=\"elementor-element elementor-element-faa1991 elementor-widget elementor-widget-heading\" data-id=\"faa1991\" data-element_type=\"widget\" data-widget_type=\"heading.default\">\n\t\t\t\t<div class=\"elementor-widget-container\">\n\t\t\t\t\t<h2 class=\"elementor-heading-title elementor-size-default\">Comment dimensionner l'installation?<\/h2>\t\t\t\t<\/div>\n\t\t\t\t<\/div>\n\t\t\t\t\t<\/div>\n\t\t\t\t<\/div>\n\t\t<div class=\"elementor-element elementor-element-fe17ffb e-flex e-con-boxed e-con e-parent\" data-id=\"fe17ffb\" data-element_type=\"container\">\n\t\t\t\t\t<div class=\"e-con-inner\">\n\t\t\t\t<div class=\"elementor-element elementor-element-f0ab0fa elementor-widget elementor-widget-text-editor\" data-id=\"f0ab0fa\" data-element_type=\"widget\" data-widget_type=\"text-editor.default\">\n\t\t\t\t<div class=\"elementor-widget-container\">\n\t\t\t\t\t\t\t\t\t<p><strong>Les panneaux peuvent \u00eatre install\u00e9s en toiture, en fa\u00e7ade ou au sol. Pos\u00e9s au sol (ou \u00e0 moins d\u20191,80\u00a0m de hauteur), ils ne sont pas soumis aux r\u00e9glementations qui peuvent s\u2019imposer \u00e0 des panneaux en toiture (type Architectes B\u00e2timents de France). Pour deux panneaux, l\u2019encombrement au sol sera d\u2019environ 4 m\u00b2.<\/strong><\/p><p><strong>Le choix entre 1 ou 2 panneaux va d\u00e9pendre du \u00ab\u00a0talon de consommation\u00a0\u00bb c\u2019est-\u00e0-dire la puissance de base correspondant au fonctionnement des appareils branch\u00e9s en permanence et toujours actifs (VMC, r\u00e9frig\u00e9rateur, box internet, appareils en veille, cong\u00e9lateur, etc.).<\/strong><\/p>\t\t\t\t\t\t\t\t<\/div>\n\t\t\t\t<\/div>\n\t\t\t\t\t<\/div>\n\t\t\t\t<\/div>\n\t\t<div class=\"elementor-element elementor-element-4e4d330 e-flex e-con-boxed e-con e-parent\" data-id=\"4e4d330\" data-element_type=\"container\">\n\t\t\t\t\t<div class=\"e-con-inner\">\n\t\t\t\t<div class=\"elementor-element elementor-element-90bd91b elementor-widget elementor-widget-image\" data-id=\"90bd91b\" data-element_type=\"widget\" data-widget_type=\"image.default\">\n\t\t\t\t<div class=\"elementor-widget-container\">\n\t\t\t\t\t\t\t\t\t\t\t\t\t\t\t<img decoding=\"async\" width=\"1024\" height=\"411\" src=\"https:\/\/toitsausoleil.org\/wp-content\/uploads\/2024\/06\/maison-panneaux-dessin-1024x411.png\" class=\"attachment-large size-large wp-image-9984\" alt=\"\" srcset=\"https:\/\/toitsausoleil.org\/wp-content\/uploads\/2024\/06\/maison-panneaux-dessin-1024x411.png 1024w, https:\/\/toitsausoleil.org\/wp-content\/uploads\/2024\/06\/maison-panneaux-dessin-300x120.png 300w, https:\/\/toitsausoleil.org\/wp-content\/uploads\/2024\/06\/maison-panneaux-dessin-768x308.png 768w, https:\/\/toitsausoleil.org\/wp-content\/uploads\/2024\/06\/maison-panneaux-dessin.png 1167w\" sizes=\"(max-width: 1024px) 100vw, 1024px\" \/>\t\t\t\t\t\t\t\t\t\t\t\t\t\t\t<\/div>\n\t\t\t\t<\/div>\n\t\t\t\t\t<\/div>\n\t\t\t\t<\/div>\n\t\t<div class=\"elementor-element elementor-element-75cd8b2 e-flex e-con-boxed e-con e-parent\" data-id=\"75cd8b2\" data-element_type=\"container\">\n\t\t\t\t\t<div class=\"e-con-inner\">\n\t\t\t\t<div class=\"elementor-element elementor-element-4c4ed5e elementor-widget elementor-widget-text-editor\" data-id=\"4c4ed5e\" data-element_type=\"widget\" data-widget_type=\"text-editor.default\">\n\t\t\t\t<div class=\"elementor-widget-container\">\n\t\t\t\t\t\t\t\t\t<p><strong>Si la production du kit est exc\u00e9dentaire par rapport aux besoins de la maison, le surplus est inject\u00e9 gratuitement dans le r\u00e9seau.<\/strong><\/p><p><strong>Pour cette raison, un kit n&#8217;a pas int\u00e9r\u00eat \u00e0 \u00eatre surdimensionn\u00e9: un kit sert \u00e0 compenser ce qu&#8217;on appelle le talon de consommation de la maison, c&#8217;est \u00e0 dire les consommations permanentes.<\/strong><\/p>\t\t\t\t\t\t\t\t<\/div>\n\t\t\t\t<\/div>\n\t\t\t\t<div class=\"elementor-element elementor-element-2a38a88 elementor-widget elementor-widget-heading\" data-id=\"2a38a88\" data-element_type=\"widget\" data-widget_type=\"heading.default\">\n\t\t\t\t<div class=\"elementor-widget-container\">\n\t\t\t\t\t<h2 class=\"elementor-heading-title elementor-size-default\">Avec qui se fait cet achat group\u00e9 ?<\/h2>\t\t\t\t<\/div>\n\t\t\t\t<\/div>\n\t\t\t\t\t<\/div>\n\t\t\t\t<\/div>\n\t\t<div class=\"elementor-element elementor-element-9f39db0 e-flex e-con-boxed e-con e-parent\" data-id=\"9f39db0\" data-element_type=\"container\">\n\t\t\t\t\t<div class=\"e-con-inner\">\n\t\t\t\t<div class=\"elementor-element elementor-element-d2e3a99 elementor-widget elementor-widget-text-editor\" data-id=\"d2e3a99\" data-element_type=\"widget\" data-widget_type=\"text-editor.default\">\n\t\t\t\t<div class=\"elementor-widget-container\">\n\t\t\t\t\t\t\t\t\t<p><strong>Solarcoop est une SCIC, Soci\u00e9t\u00e9 Coop\u00e9rative d\u2019Int\u00e9r\u00eat Collectif (un\u00b7e associ\u00e9\u00b7e = une voix) \u00e0 une gouvernance coop\u00e9rative, situ\u00e9e \u00e0 Mornant, entre Lyon et Saint-\u00c9tienne. Leurs valeurs et leurs principes d\u2019action\u00a0 ici\u00a0<\/strong> <a title=\"Solarcoop\" href=\"https:\/\/www.solarcoop.fr\/societe-cooperative-photovoltaique-solarcoop\/#nos-valeurs\">Solarcoop<\/a><\/p><p><strong>Solarcoop propose des kits \u00e0 installer soi-m\u00eame de 1, 2, 3 ou 4 panneaux de 425 Wc avec des c\u00e2bles de 5, 15 ou 25 m.<\/strong><\/p>\t\t\t\t\t\t\t\t<\/div>\n\t\t\t\t<\/div>\n\t\t\t\t\t<\/div>\n\t\t\t\t<\/div>\n\t\t<div class=\"elementor-element elementor-element-15d2b54 e-flex e-con-boxed e-con e-parent\" data-id=\"15d2b54\" data-element_type=\"container\">\n\t\t\t\t\t<div class=\"e-con-inner\">\n\t\t\t\t<div class=\"elementor-element elementor-element-1adc599 elementor-widget elementor-widget-image\" data-id=\"1adc599\" data-element_type=\"widget\" data-widget_type=\"image.default\">\n\t\t\t\t<div class=\"elementor-widget-container\">\n\t\t\t\t\t\t\t\t\t\t\t\t\t\t\t<img decoding=\"async\" width=\"1024\" height=\"477\" src=\"https:\/\/toitsausoleil.org\/wp-content\/uploads\/2024\/06\/cest-quoi-un-kit-Solarcoop-1024x477.png\" class=\"attachment-large size-large wp-image-9988\" alt=\"\" srcset=\"https:\/\/toitsausoleil.org\/wp-content\/uploads\/2024\/06\/cest-quoi-un-kit-Solarcoop-1024x477.png 1024w, https:\/\/toitsausoleil.org\/wp-content\/uploads\/2024\/06\/cest-quoi-un-kit-Solarcoop-300x140.png 300w, https:\/\/toitsausoleil.org\/wp-content\/uploads\/2024\/06\/cest-quoi-un-kit-Solarcoop-768x358.png 768w, https:\/\/toitsausoleil.org\/wp-content\/uploads\/2024\/06\/cest-quoi-un-kit-Solarcoop-1536x716.png 1536w, https:\/\/toitsausoleil.org\/wp-content\/uploads\/2024\/06\/cest-quoi-un-kit-Solarcoop.png 1796w\" sizes=\"(max-width: 1024px) 100vw, 1024px\" \/>\t\t\t\t\t\t\t\t\t\t\t\t\t\t\t<\/div>\n\t\t\t\t<\/div>\n\t\t\t\t\t<\/div>\n\t\t\t\t<\/div>\n\t\t<div class=\"elementor-element elementor-element-5c15d59 e-flex e-con-boxed e-con e-parent\" data-id=\"5c15d59\" data-element_type=\"container\">\n\t\t\t\t\t<div class=\"e-con-inner\">\n\t\t\t\t<div class=\"elementor-element elementor-element-7a4641c elementor-widget elementor-widget-heading\" data-id=\"7a4641c\" data-element_type=\"widget\" data-widget_type=\"heading.default\">\n\t\t\t\t<div class=\"elementor-widget-container\">\n\t\t\t\t\t<h2 class=\"elementor-heading-title elementor-size-default\">Comment se fera l'installation ?<\/h2>\t\t\t\t<\/div>\n\t\t\t\t<\/div>\n\t\t\t\t\t<\/div>\n\t\t\t\t<\/div>\n\t\t<div class=\"elementor-element elementor-element-393bb49 e-flex e-con-boxed e-con e-parent\" data-id=\"393bb49\" data-element_type=\"container\">\n\t\t\t\t\t<div class=\"e-con-inner\">\n\t\t\t\t<div class=\"elementor-element elementor-element-3a9a97e elementor-widget elementor-widget-text-editor\" data-id=\"3a9a97e\" data-element_type=\"widget\" data-widget_type=\"text-editor.default\">\n\t\t\t\t<div class=\"elementor-widget-container\">\n\t\t\t\t\t\t\t\t\t<p><strong>Le kit est \u00e0 installer soi-m\u00eame\u00a0: raccordement soit \u00e0 une prise de courant, soit au tableau \u00e9lectrique. ATTENTION\u00a0: l\u2019installation \u00e9lectrique du b\u00e2timent doit \u00eatre conforme \u00e0 la norme NFC 15-100.<\/strong><br \/><strong>Le montage du kit se fait en 2 \u00e0 3h.<\/strong><\/p>\t\t\t\t\t\t\t\t<\/div>\n\t\t\t\t<\/div>\n\t\t\t\t\t<\/div>\n\t\t\t\t<\/div>\n\t\t<div class=\"elementor-element elementor-element-aef1e17 e-flex e-con-boxed e-con e-parent\" data-id=\"aef1e17\" data-element_type=\"container\">\n\t\t\t\t\t<div class=\"e-con-inner\">\n\t\t\t\t<div class=\"elementor-element elementor-element-459b999 elementor-widget elementor-widget-heading\" data-id=\"459b999\" data-element_type=\"widget\" data-widget_type=\"heading.default\">\n\t\t\t\t<div class=\"elementor-widget-container\">\n\t\t\t\t\t<h2 class=\"elementor-heading-title elementor-size-default\">Quelles sont les d\u00e9marches administratives ?<\/h2>\t\t\t\t<\/div>\n\t\t\t\t<\/div>\n\t\t\t\t\t<\/div>\n\t\t\t\t<\/div>\n\t\t<div class=\"elementor-element elementor-element-5f68be0 e-flex e-con-boxed e-con e-parent\" data-id=\"5f68be0\" data-element_type=\"container\">\n\t\t\t\t\t<div class=\"e-con-inner\">\n\t\t\t\t<div class=\"elementor-element elementor-element-3c62ede elementor-widget elementor-widget-text-editor\" data-id=\"3c62ede\" data-element_type=\"widget\" data-widget_type=\"text-editor.default\">\n\t\t\t\t<div class=\"elementor-widget-container\">\n\t\t\t\t\t\t\t\t\t<ul><li><strong>Faire une d\u00e9claration pr\u00e9alable \u00e0 la Mairie si votre kit est fix\u00e9 \u00e0 demeure et \u00e0 plus de 1,8 m du sol<\/strong><\/li><li><strong>Remplir une convention d\u2019autoconsommation sans injection (CACSI) sur le site d\u2019 Enedis. Vous trouverez le mode d\u2019emploi\u00a0 <a title=\"enedis kit autoconsommation\" href=\"https:\/\/www.solarcoop.fr\/wp-content\/uploads\/2024\/05\/Guide-pour-la-declaration-ENEDIS-CACSI.pdf\" target=\"_blank\" rel=\"noopener\">ici<\/a>\u00a0<\/strong><\/li><li><strong>Appeler votre assureur pour connaitre les conditions d\u2019assurance de votre kit.<\/strong><\/li><\/ul><div><a href=\"https:\/\/www.solarcoop.fr\/ressources-documentation-photovoltaique-solarcoop\/\"><b>Acc\u00e9der aux documents Solarcoop\u00a0<\/b><\/a><\/div>\t\t\t\t\t\t\t\t<\/div>\n\t\t\t\t<\/div>\n\t\t\t\t\t<\/div>\n\t\t\t\t<\/div>\n\t\t<div class=\"elementor-element elementor-element-077133f e-flex e-con-boxed e-con e-parent\" data-id=\"077133f\" data-element_type=\"container\">\n\t\t\t\t\t<div class=\"e-con-inner\">\n\t\t\t\t<div class=\"elementor-element elementor-element-729dc6b elementor-widget elementor-widget-heading\" data-id=\"729dc6b\" data-element_type=\"widget\" data-widget_type=\"heading.default\">\n\t\t\t\t<div class=\"elementor-widget-container\">\n\t\t\t\t\t<h2 class=\"elementor-heading-title elementor-size-default\">Comment proc\u00e9der \u00e0 l'achat group\u00e9 par Toits au Soleil ?<\/h2>\t\t\t\t<\/div>\n\t\t\t\t<\/div>\n\t\t\t\t\t<\/div>\n\t\t\t\t<\/div>\n\t\t<div class=\"elementor-element elementor-element-93f5aca e-flex e-con-boxed e-con e-parent\" data-id=\"93f5aca\" data-element_type=\"container\">\n\t\t\t\t\t<div class=\"e-con-inner\">\n\t\t\t\t<div class=\"elementor-element elementor-element-b4acd46 elementor-widget elementor-widget-text-editor\" data-id=\"b4acd46\" data-element_type=\"widget\" data-widget_type=\"text-editor.default\">\n\t\t\t\t<div class=\"elementor-widget-container\">\n\t\t\t\t\t\t\t\t\t<p><strong>On vous en dit plus bient\u00f4t !<\/strong><\/p><p><strong>Une r\u00e9union pour tout vous expliquer et commander votre kit aura lieu le 19 septembre \u00e0 19h\u00a0<\/strong><\/p><p><strong>en pr\u00e9sence du fournisseur Solarcoop\u00a0<\/strong><\/p><p><strong>\u00e0 la maison des associations Agora 1901 \u00e0 Saint-Nazaire.<\/strong><\/p><p><strong> Laissez-nous vos cordonn\u00e9es si voulez \u00eatre inform\u00e9s:<\/strong> <a title=\"Nous Contacter\" href=\"https:\/\/toitsausoleil.org\/index.php\/nous-contacter\/\" target=\"_blank\" rel=\"noopener\">nous contacter<\/a><\/p>\t\t\t\t\t\t\t\t<\/div>\n\t\t\t\t<\/div>\n\t\t\t\t\t<\/div>\n\t\t\t\t<\/div>\n\t\t<div class=\"elementor-element elementor-element-9f89be5 e-flex e-con-boxed e-con e-parent\" data-id=\"9f89be5\" data-element_type=\"container\">\n\t\t\t\t\t<div class=\"e-con-inner\">\n\t\t\t\t<div class=\"elementor-element elementor-element-d131fc7 elementor-widget elementor-widget-heading\" data-id=\"d131fc7\" data-element_type=\"widget\" data-widget_type=\"heading.default\">\n\t\t\t\t<div class=\"elementor-widget-container\">\n\t\t\t\t\t<h2 class=\"elementor-heading-title elementor-size-default\">Questions\/r\u00e9ponses<\/h2>\t\t\t\t<\/div>\n\t\t\t\t<\/div>\n\t\t\t\t\t<\/div>\n\t\t\t\t<\/div>\n\t\t<div class=\"elementor-element elementor-element-ad88f72 e-flex e-con-boxed e-con e-parent\" data-id=\"ad88f72\" data-element_type=\"container\">\n\t\t\t\t\t<div class=\"e-con-inner\">\n\t\t\t\t<div class=\"elementor-element elementor-element-d003eb6 elementor-widget elementor-widget-text-editor\" data-id=\"d003eb6\" data-element_type=\"widget\" data-widget_type=\"text-editor.default\">\n\t\t\t\t<div class=\"elementor-widget-container\">\n\t\t\t\t\t\t\t\t\t<p><a href=\"http:\/\/toitsausoleil.org\/wp-content\/uploads\/2024\/06\/20230200_groupe_49_kit_solarcoop_achat_groupe_questions_reponses.pdf\" target=\"_blank\" rel=\"noopener\">achats group\u00e9s: goupe lig\u00e9rien 49<\/a><\/p><p><a href=\"http:\/\/toitsausoleil.org\/wp-content\/uploads\/2024\/06\/20230318_cap_soleil_kit_solarcoop_achat_groupe_questions_reponses.pdf\" target=\"_blank\" rel=\"noopener\">achats group\u00e9s Cap Soleil<\/a><\/p><p><a href=\"http:\/\/toitsausoleil.org\/wp-content\/uploads\/2024\/06\/20240215_solarcoop_kits_diaporama.pdf\" target=\"_blank\" rel=\"noopener\">Le diaporama du webinaire de Solarcoop du 15 f\u00e9vrier 2024\u00a0<\/a><\/p>\t\t\t\t\t\t\t\t<\/div>\n\t\t\t\t<\/div>\n\t\t\t\t<div class=\"elementor-element elementor-element-67ea3d2 elementor-widget elementor-widget-heading\" data-id=\"67ea3d2\" data-element_type=\"widget\" data-widget_type=\"heading.default\">\n\t\t\t\t<div class=\"elementor-widget-container\">\n\t\t\t\t\t<h2 class=\"elementor-heading-title elementor-size-default\">Retours d'exp\u00e9riences<\/h2>\t\t\t\t<\/div>\n\t\t\t\t<\/div>\n\t\t\t\t<div class=\"elementor-element elementor-element-5e868a7 elementor-widget elementor-widget-text-editor\" data-id=\"5e868a7\" data-element_type=\"widget\" data-widget_type=\"text-editor.default\">\n\t\t\t\t<div class=\"elementor-widget-container\">\n\t\t\t\t\t\t\t\t\t<p><a href=\"http:\/\/toitsausoleil.org\/wp-content\/uploads\/2024\/06\/20240121_revault_kit_solarcoop_retour_d_experience.pdf\" target=\"_blank\" rel=\"noopener\">Retour d&#8217;exp\u00e9rience CapSoleil<\/a><\/p>\t\t\t\t\t\t\t\t<\/div>\n\t\t\t\t<\/div>\n\t\t\t\t\t<\/div>\n\t\t\t\t<\/div>\n\t\t<div class=\"elementor-element elementor-element-c34b602 e-flex e-con-boxed e-con e-parent\" data-id=\"c34b602\" data-element_type=\"container\">\n\t\t\t\t\t<div class=\"e-con-inner\">\n\t\t\t\t<div class=\"elementor-element elementor-element-7ce8f16 elementor-widget elementor-widget-heading\" data-id=\"7ce8f16\" data-element_type=\"widget\" data-widget_type=\"heading.default\">\n\t\t\t\t<div class=\"elementor-widget-container\">\n\t\t\t\t\t<h2 class=\"elementor-heading-title elementor-size-default\">Et pour une centrale sur toiture? Solarcoop vous accompagne aussi !<\/h2>\t\t\t\t<\/div>\n\t\t\t\t<\/div>\n\t\t\t\t<div class=\"elementor-element elementor-element-be21182 elementor-widget elementor-widget-text-editor\" data-id=\"be21182\" data-element_type=\"widget\" data-widget_type=\"text-editor.default\">\n\t\t\t\t<div class=\"elementor-widget-container\">\n\t\t\t\t\t\t\t\t\t<p><a href=\"https:\/\/www.solarcoop.fr\/accompagnement-installation-photovoltaique-solarcoop\/\">Accompagnement Solarcoop<\/a><\/p><p><a href=\"https:\/\/www.youtube.com\/watch?v=AS4P298m2Yg&amp;ab_channel=Solarcoop\">Et en vid\u00e9o !<\/a><\/p>\t\t\t\t\t\t\t\t<\/div>\n\t\t\t\t<\/div>\n\t\t\t\t\t<\/div>\n\t\t\t\t<\/div>\n\t\t<div class=\"elementor-element elementor-element-0939813 e-flex e-con-boxed e-con e-parent\" data-id=\"0939813\" data-element_type=\"container\">\n\t\t\t\t\t<div class=\"e-con-inner\">\n\t\t\t\t<div class=\"elementor-element elementor-element-81d052b elementor-widget elementor-widget-heading\" data-id=\"81d052b\" data-element_type=\"widget\" data-widget_type=\"heading.default\">\n\t\t\t\t<div class=\"elementor-widget-container\">\n\t\t\t\t\t<h2 class=\"elementor-heading-title elementor-size-default\">Kit seconde main<\/h2>\t\t\t\t<\/div>\n\t\t\t\t<\/div>\n\t\t\t\t\t<\/div>\n\t\t\t\t<\/div>\n\t\t<div class=\"elementor-element elementor-element-fc758c4 e-flex e-con-boxed e-con e-parent\" data-id=\"fc758c4\" data-element_type=\"container\">\n\t\t\t\t\t<div class=\"e-con-inner\">\n\t\t\t\t<div class=\"elementor-element elementor-element-d2f57f0 elementor-widget elementor-widget-text-editor\" data-id=\"d2f57f0\" data-element_type=\"widget\" data-widget_type=\"text-editor.default\">\n\t\t\t\t<div class=\"elementor-widget-container\">\n\t\t\t\t\t\t\t\t\t<p><strong>Un nouveau service Solarcoop qui commence \u00e0 se d\u00e9velopper:<\/strong> <a href=\"https:\/\/www.solarcoop.fr\/kits-de-seconde-main\/?fbclid=IwZXh0bgNhZW0CMTAAAR0_lOuVSPuvLGsfF1R5E9FoX7nKZvUyqoi1TCsQ4DZvf45mu1UAOa94oN4_aem_ZmFrZWR1bW15MTZieXRlcw\">les kits de seconde main<\/a><\/p>\t\t\t\t\t\t\t\t<\/div>\n\t\t\t\t<\/div>\n\t\t\t\t\t<\/div>\n\t\t\t\t<\/div>\n\t\t\t\t<\/div>\n\t\t","protected":false},"excerpt":{"rendered":"<p>Peut-on produire et consommer sa propre \u00e9lectricit\u00e9 renouvelable afin de couvrir les besoins planchers? Autoconsommer une \u00e9lectricit\u00e9 produite localement chez [&hellip;]<\/p>\n","protected":false},"author":2,"featured_media":0,"parent":0,"menu_order":0,"comment_status":"closed","ping_status":"closed","template":"","meta":{"site-sidebar-layout":"no-sidebar","site-content-layout":"","ast-site-content-layout":"full-width-container","site-content-style":"default","site-sidebar-style":"default","ast-global-header-display":"","ast-banner-title-visibility":"","ast-main-header-display":"","ast-hfb-above-header-display":"","ast-hfb-below-header-display":"","ast-hfb-mobile-header-display":"","site-post-title":"disabled","ast-breadcrumbs-content":"","ast-featured-img":"disabled","footer-sml-layout":"","theme-transparent-header-meta":"","adv-header-id-meta":"","stick-header-meta":"","header-above-stick-meta":"","header-main-stick-meta":"","header-below-stick-meta":"","astra-migrate-meta-layouts":"default","ast-page-background-enabled":"default","ast-page-background-meta":{"desktop":{"background-color":"var(--ast-global-color-4)","background-image":"","background-repeat":"repeat","background-position":"center center","background-size":"auto","background-attachment":"scroll","background-type":"","background-media":"","overlay-type":"","overlay-color":"","overlay-gradient":""},"tablet":{"background-color":"","background-image":"","background-repeat":"repeat","background-position":"center center","background-size":"auto","background-attachment":"scroll","background-type":"","background-media":"","overlay-type":"","overlay-color":"","overlay-gradient":""},"mobile":{"background-color":"","background-image":"","background-repeat":"repeat","background-position":"center center","background-size":"auto","background-attachment":"scroll","background-type":"","background-media":"","overlay-type":"","overlay-color":"","overlay-gradient":""}},"ast-content-background-meta":{"desktop":{"background-color":"var(--ast-global-color-5)","background-image":"","background-repeat":"repeat","background-position":"center center","background-size":"auto","background-attachment":"scroll","background-type":"","background-media":"","overlay-type":"","overlay-color":"","overlay-gradient":""},"tablet":{"background-color":"var(--ast-global-color-5)","background-image":"","background-repeat":"repeat","background-position":"center center","background-size":"auto","background-attachment":"scroll","background-type":"","background-media":"","overlay-type":"","overlay-color":"","overlay-gradient":""},"mobile":{"background-color":"var(--ast-global-color-5)","background-image":"","background-repeat":"repeat","background-position":"center center","background-size":"auto","background-attachment":"scroll","background-type":"","background-media":"","overlay-type":"","overlay-color":"","overlay-gradient":""}},"footnotes":""},"class_list":["post-9976","page","type-page","status-publish","hentry"],"aioseo_notices":[],"_links":{"self":[{"href":"https:\/\/toitsausoleil.org\/index.php\/wp-json\/wp\/v2\/pages\/9976","targetHints":{"allow":["GET"]}}],"collection":[{"href":"https:\/\/toitsausoleil.org\/index.php\/wp-json\/wp\/v2\/pages"}],"about":[{"href":"https:\/\/toitsausoleil.org\/index.php\/wp-json\/wp\/v2\/types\/page"}],"author":[{"embeddable":true,"href":"https:\/\/toitsausoleil.org\/index.php\/wp-json\/wp\/v2\/users\/2"}],"replies":[{"embeddable":true,"href":"https:\/\/toitsausoleil.org\/index.php\/wp-json\/wp\/v2\/comments?post=9976"}],"version-history":[{"count":91,"href":"https:\/\/toitsausoleil.org\/index.php\/wp-json\/wp\/v2\/pages\/9976\/revisions"}],"predecessor-version":[{"id":10094,"href":"https:\/\/toitsausoleil.org\/index.php\/wp-json\/wp\/v2\/pages\/9976\/revisions\/10094"}],"wp:attachment":[{"href":"https:\/\/toitsausoleil.org\/index.php\/wp-json\/wp\/v2\/media?parent=9976"}],"curies":[{"name":"wp","href":"https:\/\/api.w.org\/{rel}","templated":true}]}}